{"id":21877,"date":"2023-08-17T13:45:30","date_gmt":"2023-08-17T11:45:30","guid":{"rendered":"https:\/\/parquedecabarceno.com\/cabarceno-experiences\/the-cabarceno-gardens\/"},"modified":"2025-08-06T13:22:22","modified_gmt":"2025-08-06T11:22:22","slug":"the-cabarceno-gardens","status":"publish","type":"page","link":"https:\/\/parquedecabarceno.com\/english\/cabarceno-experiences\/the-cabarceno-gardens\/","title":{"rendered":"The Cab\u00e1rceno Gardens"},"content":{"rendered":"<p><div class=\"fusion-fullwidth fullwidth-box fusion-builder-row-1 fusion-flex-container has-pattern-background has-mask-background fusion-parallax-none nonhundred-percent-fullwidth non-hundred-percent-height-scrolling\" style=\"--awb-border-radius-top-left:0px;--awb-border-radius-top-right:0px;--awb-border-radius-bottom-right:0px;--awb-border-radius-bottom-left:0px;--awb-padding-top:16%;--awb-padding-bottom:113px;--awb-padding-bottom-medium:30px;--awb-margin-top:0PX;--awb-margin-bottom:2%;--awb-background-image:linear-gradient(214deg, rgba(0,0,0,0) 0%,rgba(0,0,0,0.89) 100%),url(https:\/\/parquedecabarceno.com\/wp-content\/uploads\/2025\/04\/jardines-banner-landing.jpg);;--awb-background-size:cover;--awb-flex-wrap:wrap;\" ><div class=\"fusion-builder-row fusion-row fusion-flex-align-items-flex-start fusion-flex-content-wrap\" style=\"max-width:1144px;margin-left: calc(-4% \/ 2 );margin-right: calc(-4% \/ 2 );\"><div class=\"fusion-layout-column fusion_builder_column fusion-builder-column-0 fusion_builder_column_1_1 1_1 fusion-flex-column\" style=\"--awb-overflow:hidden;--awb-bg-size:cover;--awb-border-radius:5px 5px 5px 5px;--awb-width-large:100%;--awb-margin-top-large:0px;--awb-spacing-right-large:1.92%;--awb-margin-bottom-large:0px;--awb-spacing-left-large:1.92%;--awb-width-medium:100%;--awb-order-medium:0;--awb-spacing-right-medium:1.92%;--awb-spacing-left-medium:1.92%;--awb-width-small:100%;--awb-order-small:0;--awb-spacing-right-small:1.92%;--awb-spacing-left-small:1.92%;\"><div class=\"fusion-column-wrapper fusion-column-has-shadow fusion-flex-justify-content-flex-start fusion-content-layout-column\"><div class=\"fusion-title title fusion-title-1 fusion-sep-none fusion-title-text fusion-title-size-two\" style=\"--awb-text-color:var(--awb-color1);--awb-margin-top-small:0px;--awb-margin-right-small:0px;--awb-margin-bottom-small:20px;--awb-margin-left-small:0px;\"><h2 class=\"fusion-title-heading title-heading-left\" style=\"margin:0;\">The Cab\u00e1rceno Gardens<\/h2><\/div><div class=\"fusion-text fusion-text-1\" style=\"--awb-text-color:var(--awb-color1);\"><p>This is an attractive natural labyrinth where you can &#8220;get lost&#8221; and enjoy the surroundings in Cab\u00e1rceno.<\/p>\n<\/div><\/div><\/div><\/div><\/div><div class=\"fusion-fullwidth fullwidth-box fusion-builder-row-2 fusion-flex-container has-pattern-background has-mask-background nonhundred-percent-fullwidth non-hundred-percent-height-scrolling\" style=\"--awb-border-radius-top-left:0px;--awb-border-radius-top-right:0px;--awb-border-radius-bottom-right:0px;--awb-border-radius-bottom-left:0px;--awb-margin-top:2%;--awb-margin-bottom:2%;--awb-flex-wrap:wrap;\" ><div class=\"fusion-builder-row fusion-row fusion-flex-align-items-flex-start fusion-flex-content-wrap\" style=\"max-width:1144px;margin-left: calc(-4% \/ 2 );margin-right: calc(-4% \/ 2 );\"><div class=\"fusion-layout-column fusion_builder_column fusion-builder-column-1 fusion_builder_column_1_1 1_1 fusion-flex-column\" style=\"--awb-overflow:hidden;--awb-bg-size:cover;--awb-border-radius:5px 5px 5px 5px;--awb-width-large:100%;--awb-margin-top-large:0px;--awb-spacing-right-large:1.92%;--awb-margin-bottom-large:0px;--awb-spacing-left-large:1.92%;--awb-width-medium:100%;--awb-order-medium:0;--awb-margin-top-medium:4%;--awb-spacing-right-medium:1.92%;--awb-spacing-left-medium:1.92%;--awb-width-small:100%;--awb-order-small:0;--awb-margin-top-small:9%;--awb-spacing-right-small:1.92%;--awb-spacing-left-small:1.92%;\"><div class=\"fusion-column-wrapper fusion-column-has-shadow fusion-flex-justify-content-flex-start fusion-content-layout-column\"><div class=\"fusion-text fusion-text-2\"><p><strong>&#8220;The Gardens&#8221; of Cab\u00e1rceno<\/strong> are located in the northwestern corner of the park, north of and above the <a href=\"https:\/\/parquedecabarceno.com\/english\/animals\/african-elephant\/\">elephant<\/a> savanna. This area <strong>covers a stretch of hillside filled with hollows, small ravines, and countless winding paths<\/strong> that meander among rocky outcrops and through <strong>dense, varied vegetation<\/strong>. The entire landscape creates an <strong>attractive labyrinth of trails<\/strong> for visitors to enjoy. There are also designated rest areas with benches and bridges, along with viewpoints offering scenic vistas of the southern mountains and the <a href=\"https:\/\/parquedecabarceno.com\/english\/animals\/african-elephant\/\">elephant<\/a> enclosure.  <\/p>\n<p><img decoding=\"async\" class=\"size-medium wp-image-16086 aligncenter\" src=\"https:\/\/parquedecabarceno.com\/wp-content\/uploads\/2023\/08\/desfiladero-jardines-de-cabarceno-300x210.png\" alt=\"Cab\u00e1rceno Gardens Gorge\" width=\"300\" height=\"210\" srcset=\"https:\/\/parquedecabarceno.com\/wp-content\/uploads\/2023\/08\/desfiladero-jardines-de-cabarceno-200x140.png 200w, https:\/\/parquedecabarceno.com\/wp-content\/uploads\/2023\/08\/desfiladero-jardines-de-cabarceno-300x210.png 300w, https:\/\/parquedecabarceno.com\/wp-content\/uploads\/2023\/08\/desfiladero-jardines-de-cabarceno-385x269.png 385w, https:\/\/parquedecabarceno.com\/wp-content\/uploads\/2023\/08\/desfiladero-jardines-de-cabarceno-400x279.png 400w, https:\/\/parquedecabarceno.com\/wp-content\/uploads\/2023\/08\/desfiladero-jardines-de-cabarceno-600x419.png 600w, https:\/\/parquedecabarceno.com\/wp-content\/uploads\/2023\/08\/desfiladero-jardines-de-cabarceno-768x537.png 768w, https:\/\/parquedecabarceno.com\/wp-content\/uploads\/2023\/08\/desfiladero-jardines-de-cabarceno-800x559.png 800w, https:\/\/parquedecabarceno.com\/wp-content\/uploads\/2023\/08\/desfiladero-jardines-de-cabarceno-1024x715.png 1024w, https:\/\/parquedecabarceno.com\/wp-content\/uploads\/2023\/08\/desfiladero-jardines-de-cabarceno-1200x838.png 1200w, https:\/\/parquedecabarceno.com\/wp-content\/uploads\/2023\/08\/desfiladero-jardines-de-cabarceno.png 1431w, https:\/\/parquedecabarceno.com\/wp-content\/uploads\/2023\/08\/desfiladero-jardines-de-cabarceno-1536x1073.png 1536w\" sizes=\"(max-width: 300px) 100vw, 300px\" \/><\/p>\n<p>This is an area with many entry and exit points, but <strong>the most convenient access<\/strong> is by passing the <a href=\"https:\/\/parquedecabarceno.com\/english\/animals\/grevys-zebra\/\">Grevy&#8217;s Zebra<\/a> enclosure and driving up the road to its right. There, a sign indicates the access to this area, and right where the road forks, there&#8217;s a parking area from which you can walk into the gardens. It&#8217;s important to note that <strong>this area isn&#8217;t heavily signposted; the idea is to &#8220;get lost&#8221; and enjoy the surroundings<\/strong>.  <\/p>\n<p>This <strong>expansive natural area within Cab\u00e1rceno<\/strong> had been disused for decades and <strong>has recently been rehabilitated<\/strong> to become one of the park&#8217;s many natural and scenic attractions. The area is a genuine surprise for those discovering it for the first time, as well as a <strong>perfect complement to visiting the <a href=\"https:\/\/parquedecabarceno.com\/english\/animals\/\">animal<\/a> enclosures<\/strong>. This gem, in addition to being a place to stroll, unwind, or rest in the shade of a tree, <strong>conceals within it a true ecosystem of trees<\/strong>, both native and from other parts of the world. This includes oaks (cajigas), birches, beeches, pines, chestnuts, cork oaks, willows, magnolias, catalpas, bamboo, and hollies. Furthermore, the environmental recovery of this zone has been completed with the planting of aromatic plants.   <\/p>\n<p><strong>Another attraction of this area is its viewpoints<\/strong>. One of the most common stops for those visiting Cab\u00e1rceno is the Mirador del Rub\u00ed (Ruby Viewpoint), from which, on clear days, you can enjoy an impressive panoramic view of <a href=\"https:\/\/turismodecantabria.com\/municipios\/santander\/\" target=\"_blank\" rel=\"noopener\">Santander<\/a> and its bay\u2014a spectacle not to be missed. However, this is not the only viewpoint in Cab\u00e1rceno. In the gardens area, there are two others almost as impressive as the Rub\u00ed: the first, the <strong>Mirador de Los Elefantes<\/strong> (Elephants Viewpoint), is located above the tunnels of the old mines. The second, the <strong>Mirador de Perdices<\/strong> (Partridges Viewpoint), is situated on the hiking trail next to the <a href=\"https:\/\/parquedecabarceno.com\/english\/animals\/grevys-zebra\/\">Grevy&#8217;s Zebra<\/a> parking lot, offering incredible views of the <a href=\"https:\/\/parquedecabarceno.com\/english\/animals\/african-elephant\/\">elephant<\/a> enclosure and the village of Cab\u00e1rceno.  <\/p>\n<p data-wp-editing=\"1\"><img decoding=\"async\" class=\"size-medium wp-image-16084 alignleft\" src=\"https:\/\/parquedecabarceno.com\/wp-content\/uploads\/2023\/08\/banco-jardines-de-cabarceno-300x210.png\" alt=\"Mirador de Perdices (Partridges Viewpoint) - Cab\u00e1rceno Gardens\" width=\"300\" height=\"210\" srcset=\"https:\/\/parquedecabarceno.com\/wp-content\/uploads\/2023\/08\/banco-jardines-de-cabarceno-200x140.png 200w, https:\/\/parquedecabarceno.com\/wp-content\/uploads\/2023\/08\/banco-jardines-de-cabarceno-300x210.png 300w, https:\/\/parquedecabarceno.com\/wp-content\/uploads\/2023\/08\/banco-jardines-de-cabarceno-385x269.png 385w, https:\/\/parquedecabarceno.com\/wp-content\/uploads\/2023\/08\/banco-jardines-de-cabarceno-400x279.png 400w, https:\/\/parquedecabarceno.com\/wp-content\/uploads\/2023\/08\/banco-jardines-de-cabarceno-600x419.png 600w, https:\/\/parquedecabarceno.com\/wp-content\/uploads\/2023\/08\/banco-jardines-de-cabarceno-768x537.png 768w, https:\/\/parquedecabarceno.com\/wp-content\/uploads\/2023\/08\/banco-jardines-de-cabarceno-800x559.png 800w, https:\/\/parquedecabarceno.com\/wp-content\/uploads\/2023\/08\/banco-jardines-de-cabarceno-1024x715.png 1024w, https:\/\/parquedecabarceno.com\/wp-content\/uploads\/2023\/08\/banco-jardines-de-cabarceno-1200x838.png 1200w, https:\/\/parquedecabarceno.com\/wp-content\/uploads\/2023\/08\/banco-jardines-de-cabarceno.png 1431w, https:\/\/parquedecabarceno.com\/wp-content\/uploads\/2023\/08\/banco-jardines-de-cabarceno-1536x1073.png 1536w\" sizes=\"(max-width: 300px) 100vw, 300px\" \/> <img decoding=\"async\" class=\"size-medium wp-image-16085 alignright\" src=\"https:\/\/parquedecabarceno.com\/wp-content\/uploads\/2023\/08\/mirador-jardines-de-cabarceno-1-300x210.png\" alt=\"Mirador de los Elefantes (Elephants Viewpoint) - Cab\u00e1rceno Gardens\" width=\"300\" height=\"210\" srcset=\"https:\/\/parquedecabarceno.com\/wp-content\/uploads\/2023\/08\/mirador-jardines-de-cabarceno-1-200x140.png 200w, https:\/\/parquedecabarceno.com\/wp-content\/uploads\/2023\/08\/mirador-jardines-de-cabarceno-1-300x210.png 300w, https:\/\/parquedecabarceno.com\/wp-content\/uploads\/2023\/08\/mirador-jardines-de-cabarceno-1-385x269.png 385w, https:\/\/parquedecabarceno.com\/wp-content\/uploads\/2023\/08\/mirador-jardines-de-cabarceno-1-400x279.png 400w, https:\/\/parquedecabarceno.com\/wp-content\/uploads\/2023\/08\/mirador-jardines-de-cabarceno-1-600x419.png 600w, https:\/\/parquedecabarceno.com\/wp-content\/uploads\/2023\/08\/mirador-jardines-de-cabarceno-1-768x537.png 768w, https:\/\/parquedecabarceno.com\/wp-content\/uploads\/2023\/08\/mirador-jardines-de-cabarceno-1-800x559.png 800w, https:\/\/parquedecabarceno.com\/wp-content\/uploads\/2023\/08\/mirador-jardines-de-cabarceno-1-1024x715.png 1024w, https:\/\/parquedecabarceno.com\/wp-content\/uploads\/2023\/08\/mirador-jardines-de-cabarceno-1-1200x838.png 1200w, https:\/\/parquedecabarceno.com\/wp-content\/uploads\/2023\/08\/mirador-jardines-de-cabarceno-1.png 1431w, https:\/\/parquedecabarceno.com\/wp-content\/uploads\/2023\/08\/mirador-jardines-de-cabarceno-1-1536x1073.png 1536w\" sizes=\"(max-width: 300px) 100vw, 300px\" \/><\/p>\n<p>It&#8217;s important to highlight that the access slopes to this entire area have been adapted and smoothed to make it <strong>accessible for people with reduced mobility<\/strong>. A ramp has been installed at the Mirador de Los Elefantes (Elephants Viewpoint) to facilitate this access.<\/p>\n<\/div><\/div><\/div><\/div><\/div><div class=\"fusion-fullwidth fullwidth-box fusion-builder-row-3 fusion-flex-container has-pattern-background has-mask-background nonhundred-percent-fullwidth non-hundred-percent-height-scrolling contenedorOtrasExperiencias\" style=\"--awb-border-radius-top-left:0px;--awb-border-radius-top-right:0px;--awb-border-radius-bottom-right:0px;--awb-border-radius-bottom-left:0px;--awb-margin-top:2%;--awb-margin-bottom:2%;--awb-flex-wrap:wrap;\" ><div class=\"fusion-builder-row fusion-row fusion-flex-align-items-flex-start fusion-flex-content-wrap\" style=\"max-width:1144px;margin-left: calc(-4% \/ 2 );margin-right: calc(-4% \/ 2 );\"><div class=\"fusion-layout-column fusion_builder_column fusion-builder-column-2 fusion_builder_column_1_1 1_1 fusion-flex-column bloqueOtrasExperiencias\" style=\"--awb-overflow:hidden;--awb-bg-size:cover;--awb-border-radius:5px 5px 5px 5px;--awb-width-large:100%;--awb-margin-top-large:0px;--awb-spacing-right-large:1.92%;--awb-margin-bottom-large:0px;--awb-spacing-left-large:1.92%;--awb-width-medium:100%;--awb-order-medium:0;--awb-spacing-right-medium:1.92%;--awb-spacing-left-medium:1.92%;--awb-width-small:100%;--awb-order-small:0;--awb-spacing-right-small:1.92%;--awb-spacing-left-small:1.92%;\"><div class=\"fusion-column-wrapper fusion-column-has-shadow fusion-flex-justify-content-flex-start fusion-content-layout-column\"><div class=\"fusion-title title fusion-title-2 fusion-sep-none fusion-title-text fusion-title-size-three\" style=\"--awb-margin-top-small:0px;--awb-margin-right-small:0px;--awb-margin-bottom-small:20px;--awb-margin-left-small:0px;--awb-font-size:35px;\"><h3 class=\"fusion-title-heading title-heading-left\" style=\"margin:0;font-size:1em;\">Other Experiences<\/h3><\/div><div class=\"fusion-image-carousel fusion-image-carousel-auto fusion-image-carousel-1\"><div class=\"awb-carousel awb-swiper awb-swiper-carousel awb-carousel--carousel awb-swiper-dots-position-bottom\" data-layout=\"carousel\" data-autoplay=\"no\" data-autoplayspeed=\"2500\" data-autoplaypause=\"no\" data-columns=\"3\" data-columnsmedium=\"1\" data-columnssmall=\"1\" data-itemmargin=\"13\" data-itemwidth=\"180\" data-touchscroll=\"no\" data-freemode=\"no\" data-imagesize=\"auto\" data-scrollitems=\"0\" data-centeredslides=\"no\" data-rotationangle=\"50\" data-depth=\"100\" data-speed=\"500\" data-shadow=\"no\" data-pagination=\"bullets\" style=\"--awb-columns:3;\"><div class=\"swiper-wrapper awb-image-carousel-wrapper fusion-flex-align-items-center\"><div class=\"swiper-slide\"><div class=\"fusion-carousel-item-wrapper\"><div class=\"fusion-image-wrapper hover-type-none\"><a href=\"https:\/\/parquedecabarceno.com\/experiencias-cabarceno\/visita-salvaje\/\" target=\"_self\"><img decoding=\"async\" width=\"630\" height=\"800\" src=\"https:\/\/parquedecabarceno.com\/wp-content\/uploads\/2023\/04\/visita-salvaje-2.webp\" class=\"attachment-full size-full\" alt=\"visita-salvaje-2\" srcset=\"https:\/\/parquedecabarceno.com\/wp-content\/uploads\/2023\/04\/visita-salvaje-2-200x254.webp 200w, https:\/\/parquedecabarceno.com\/wp-content\/uploads\/2023\/04\/visita-salvaje-2-400x508.webp 400w, https:\/\/parquedecabarceno.com\/wp-content\/uploads\/2023\/04\/visita-salvaje-2-600x762.webp 600w, https:\/\/parquedecabarceno.com\/wp-content\/uploads\/2023\/04\/visita-salvaje-2.webp 630w\" sizes=\"(min-width: 2200px) 100vw, (min-width: 784px) 358px, (min-width: 712px) 537px, (min-width: 640px) 712px, \" \/><\/a><\/div><\/div><\/div><div class=\"swiper-slide\"><div class=\"fusion-carousel-item-wrapper\"><div class=\"fusion-image-wrapper hover-type-none\"><a href=\"https:\/\/parquedecabarceno.com\/english\/cabarceno-experiences\/show\/\" target=\"_self\"><img decoding=\"async\" width=\"630\" height=\"800\" src=\"https:\/\/parquedecabarceno.com\/wp-content\/uploads\/2022\/12\/demostraciones-1.webp\" class=\"attachment-full size-full\" alt=\"Demostraciones Cab\u00e1rceno\" srcset=\"https:\/\/parquedecabarceno.com\/wp-content\/uploads\/2022\/12\/demostraciones-1-200x254.webp 200w, https:\/\/parquedecabarceno.com\/wp-content\/uploads\/2022\/12\/demostraciones-1-400x508.webp 400w, https:\/\/parquedecabarceno.com\/wp-content\/uploads\/2022\/12\/demostraciones-1-600x762.webp 600w, https:\/\/parquedecabarceno.com\/wp-content\/uploads\/2022\/12\/demostraciones-1.webp 630w\" sizes=\"(min-width: 2200px) 100vw, (min-width: 784px) 358px, (min-width: 712px) 537px, (min-width: 640px) 712px, \" \/><\/a><\/div><\/div><\/div><div class=\"swiper-slide\"><div class=\"fusion-carousel-item-wrapper\"><div class=\"fusion-image-wrapper hover-type-none\"><img decoding=\"async\" width=\"630\" height=\"800\" src=\"https:\/\/parquedecabarceno.com\/wp-content\/uploads\/2023\/02\/sala-360-4-1.webp\" class=\"attachment-full size-full\" alt=\"Sala 360\u00ba Cab\u00e1rceno\" srcset=\"https:\/\/parquedecabarceno.com\/wp-content\/uploads\/2023\/02\/sala-360-4-1-200x254.webp 200w, https:\/\/parquedecabarceno.com\/wp-content\/uploads\/2023\/02\/sala-360-4-1-400x508.webp 400w, https:\/\/parquedecabarceno.com\/wp-content\/uploads\/2023\/02\/sala-360-4-1-600x762.webp 600w, https:\/\/parquedecabarceno.com\/wp-content\/uploads\/2023\/02\/sala-360-4-1.webp 630w\" sizes=\"(min-width: 2200px) 100vw, (min-width: 784px) 358px, (min-width: 712px) 537px, (min-width: 640px) 712px, \" \/><\/div><\/div><\/div><div class=\"swiper-slide\"><div class=\"fusion-carousel-item-wrapper\"><div class=\"fusion-image-wrapper hover-type-none\"><a href=\"https:\/\/parquedecabarceno.com\/english\/cabarceno-experiences\/cabarceno-by-ebike\/\" target=\"_self\"><img decoding=\"async\" width=\"640\" height=\"810\" src=\"https:\/\/parquedecabarceno.com\/wp-content\/uploads\/2022\/12\/cabarcenoebike-640x810-imagen-de-menu.png\" class=\"attachment-full size-full\" alt=\"Cab\u00e1rceno en EBike - Imagen de men\u00fa\" srcset=\"https:\/\/parquedecabarceno.com\/wp-content\/uploads\/2022\/12\/cabarcenoebike-640x810-imagen-de-menu-200x253.png 200w, https:\/\/parquedecabarceno.com\/wp-content\/uploads\/2022\/12\/cabarcenoebike-640x810-imagen-de-menu-400x506.png 400w, https:\/\/parquedecabarceno.com\/wp-content\/uploads\/2022\/12\/cabarcenoebike-640x810-imagen-de-menu-600x759.png 600w, https:\/\/parquedecabarceno.com\/wp-content\/uploads\/2022\/12\/cabarcenoebike-640x810-imagen-de-menu.png 640w\" sizes=\"(min-width: 2200px) 100vw, (min-width: 784px) 358px, (min-width: 712px) 537px, (min-width: 640px) 712px, \" \/><\/a><\/div><\/div><\/div><div class=\"swiper-slide\"><div class=\"fusion-carousel-item-wrapper\"><div class=\"fusion-image-wrapper hover-type-none\"><a href=\"https:\/\/parquedecabarceno.com\/planifica-tu-visita\/telecabina\/\" target=\"_self\"><img decoding=\"async\" width=\"630\" height=\"800\" src=\"https:\/\/parquedecabarceno.com\/wp-content\/uploads\/2023\/03\/telecabina-3.webp\" class=\"attachment-full size-full\" alt=\"Telecabina Cab\u00e1rceno\" srcset=\"https:\/\/parquedecabarceno.com\/wp-content\/uploads\/2023\/03\/telecabina-3-200x254.webp 200w, https:\/\/parquedecabarceno.com\/wp-content\/uploads\/2023\/03\/telecabina-3-400x508.webp 400w, https:\/\/parquedecabarceno.com\/wp-content\/uploads\/2023\/03\/telecabina-3-600x762.webp 600w, https:\/\/parquedecabarceno.com\/wp-content\/uploads\/2023\/03\/telecabina-3.webp 630w\" sizes=\"(min-width: 2200px) 100vw, (min-width: 784px) 358px, (min-width: 712px) 537px, (min-width: 640px) 712px, \" \/><\/a><\/div><\/div><\/div><div class=\"swiper-slide\"><div class=\"fusion-carousel-item-wrapper\"><div class=\"fusion-image-wrapper hover-type-none\"><a href=\"https:\/\/parquedecabarceno.com\/english\/cabarceno-experiences\/the-bear-house\/\" target=\"_self\"><img decoding=\"async\" width=\"640\" height=\"810\" src=\"https:\/\/parquedecabarceno.com\/wp-content\/uploads\/2023\/05\/casa-del-oso-imagen-de-menu.png\" class=\"attachment-full size-full\" alt=\"La Casa del Oso - imagen de men\u00fa\" srcset=\"https:\/\/parquedecabarceno.com\/wp-content\/uploads\/2023\/05\/casa-del-oso-imagen-de-menu-200x253.png 200w, https:\/\/parquedecabarceno.com\/wp-content\/uploads\/2023\/05\/casa-del-oso-imagen-de-menu-400x506.png 400w, https:\/\/parquedecabarceno.com\/wp-content\/uploads\/2023\/05\/casa-del-oso-imagen-de-menu-600x759.png 600w, https:\/\/parquedecabarceno.com\/wp-content\/uploads\/2023\/05\/casa-del-oso-imagen-de-menu.png 640w\" sizes=\"(min-width: 2200px) 100vw, (min-width: 784px) 358px, (min-width: 712px) 537px, (min-width: 640px) 712px, \" \/><\/a><\/div><\/div><\/div><\/div><div class=\"awb-swiper-button awb-swiper-button-prev\"><i class=\"awb-icon-angle-left\" aria-hidden=\"true\"><\/i><\/div><div class=\"awb-swiper-button awb-swiper-button-next\"><i class=\"awb-icon-angle-right\" aria-hidden=\"true\"><\/i><\/div><\/div><\/div><\/div><\/div><\/div><\/div><div class=\"fusion-fullwidth fullwidth-box fusion-builder-row-4 fusion-flex-container has-pattern-background has-mask-background nonhundred-percent-fullwidth non-hundred-percent-height-scrolling\" style=\"--awb-border-radius-top-left:0px;--awb-border-radius-top-right:0px;--awb-border-radius-bottom-right:0px;--awb-border-radius-bottom-left:0px;--awb-padding-top:25px;--awb-background-color:var(--awb-color8);--awb-flex-wrap:wrap;\" ><div class=\"fusion-builder-row fusion-row fusion-flex-align-items-flex-start fusion-flex-content-wrap\" style=\"max-width:1144px;margin-left: calc(-4% \/ 2 );margin-right: calc(-4% \/ 2 );\"><div class=\"fusion-layout-column fusion_builder_column fusion-builder-column-3 fusion_builder_column_1_3 1_3 fusion-flex-column\" style=\"--awb-bg-size:cover;--awb-width-large:33.333333333333%;--awb-margin-top-large:0px;--awb-spacing-right-large:5.76%;--awb-margin-bottom-large:0px;--awb-spacing-left-large:5.76%;--awb-width-medium:100%;--awb-order-medium:0;--awb-spacing-right-medium:1.92%;--awb-spacing-left-medium:1.92%;--awb-width-small:100%;--awb-order-small:0;--awb-spacing-right-small:1.92%;--awb-spacing-left-small:1.92%;\"><div class=\"fusion-column-wrapper fusion-column-has-shadow fusion-flex-justify-content-flex-start fusion-content-layout-column\"><div class=\"fusion-title title fusion-title-3 fusion-sep-none fusion-title-center fusion-title-text fusion-title-size-two\" style=\"--awb-text-color:var(--awb-color1);--awb-margin-top-small:0px;--awb-margin-right-small:0px;--awb-margin-bottom-small:20px;--awb-margin-left-small:0px;--awb-font-size:28px;\"><h2 class=\"fusion-title-heading title-heading-center\" style=\"margin:0;font-size:1em;\"><span style=\"color: #ffffff;\"><a style=\"color: #ffffff;\" href=\"https:\/\/cantabriaspain.co.uk\/\" target=\"_blank\" rel=\"noopener\">Cantabria Tourism<\/a><\/span><\/h2><\/div><\/div><\/div><div class=\"fusion-layout-column fusion_builder_column fusion-builder-column-4 fusion_builder_column_1_2 1_2 fusion-flex-column\" style=\"--awb-padding-top:10px;--awb-bg-size:cover;--awb-width-large:50%;--awb-margin-top-large:0px;--awb-spacing-right-large:3.84%;--awb-margin-bottom-large:0px;--awb-spacing-left-large:3.84%;--awb-width-medium:100%;--awb-order-medium:0;--awb-spacing-right-medium:1.92%;--awb-spacing-left-medium:1.92%;--awb-width-small:100%;--awb-order-small:0;--awb-spacing-right-small:1.92%;--awb-spacing-left-small:1.92%;\"><div class=\"fusion-column-wrapper fusion-column-has-shadow fusion-flex-justify-content-flex-start fusion-content-layout-column\"><div class=\"fusion-text fusion-text-3\" style=\"--awb-content-alignment:center;\"><p><a href=\"https:\/\/cantabriaspain.co.uk\/\" target=\"_blank\" rel=\"noopener\">Unmissable spots and events, accommodation, dining&#8230;<\/a><\/p>\n<\/div><\/div><\/div><div class=\"fusion-layout-column fusion_builder_column fusion-builder-column-5 fusion_builder_column_1_6 1_6 fusion-flex-column fusion-no-small-visibility fusion-no-medium-visibility\" style=\"--awb-bg-size:cover;--awb-width-large:16.666666666667%;--awb-margin-top-large:0px;--awb-spacing-right-large:11.52%;--awb-margin-bottom-large:0px;--awb-spacing-left-large:11.52%;--awb-width-medium:100%;--awb-order-medium:0;--awb-spacing-right-medium:1.92%;--awb-spacing-left-medium:1.92%;--awb-width-small:100%;--awb-order-small:0;--awb-spacing-right-small:1.92%;--awb-spacing-left-small:1.92%;\"><div class=\"fusion-column-wrapper fusion-column-has-shadow fusion-flex-justify-content-flex-start fusion-content-layout-column\"><a class=\"fb-icon-element-1 fb-icon-element fontawesome-icon fa-angle-right fas circle-yes fusion-link\" style=\"--awb-iconcolor-hover:var(--awb-color6);--awb-circlecolor:var(--awb-color8);--awb-circlecolor-hover:var(--awb-color8);--awb-circlebordercolor-hover:var(--awb-color6);--awb-circlebordersize:1px;--awb-font-size:24.64px;--awb-width:49.28px;--awb-height:49.28px;--awb-line-height:47.28px;--awb-margin-top:0;--awb-margin-right:0;--awb-margin-bottom:0;--awb-margin-left:0;--awb-align-self:center;\" href=\"https:\/\/turismodecantabria.com\/inicio\" target=\"_blank\" aria-label=\"Link to https:\/\/turismodecantabria.com\/inicio\" rel=\"noopener noreferrer\"><\/a><\/div><\/div><\/div><\/div><div class=\"fusion-fullwidth fullwidth-box fusion-builder-row-5 fusion-flex-container has-pattern-background has-mask-background fusion-parallax-fixed hundred-percent-fullwidth non-hundred-percent-height-scrolling fusion-animated\" style=\"--awb-border-radius-top-left:0px;--awb-border-radius-top-right:0px;--awb-border-radius-bottom-right:0px;--awb-border-radius-bottom-left:0px;--awb-padding-top:8px;--awb-margin-top:2%;--awb-margin-bottom:2%;--awb-background-image:linear-gradient(180deg, rgba(0,0,0,0.31) 0%,rgba(0,0,0,0.31) 100%),url(https:\/\/parquedecabarceno.com\/wp-content\/uploads\/2022\/11\/slider-cabarceno-home-11zon.jpg);;--awb-background-size:cover;--awb-flex-wrap:wrap;background-attachment:fixed;\" data-animationType=\"fadeIn\" data-animationDuration=\"0.8\" data-animationOffset=\"top-into-view\" ><div class=\"fusion-builder-row fusion-row fusion-flex-align-items-flex-start fusion-flex-content-wrap\" style=\"width:104% !important;max-width:104% !important;margin-left: calc(-4% \/ 2 );margin-right: calc(-4% \/ 2 );\"><div class=\"fusion-layout-column fusion_builder_column fusion-builder-column-6 fusion_builder_column_1_1 1_1 fusion-flex-column\" style=\"--awb-padding-top:6%;--awb-padding-bottom:6%;--awb-bg-size:cover;--awb-width-large:100%;--awb-margin-top-large:0px;--awb-spacing-right-large:0%;--awb-margin-bottom-large:0px;--awb-spacing-left-large:0%;--awb-width-medium:100%;--awb-order-medium:0;--awb-spacing-right-medium:1.92%;--awb-spacing-left-medium:1.92%;--awb-width-small:100%;--awb-order-small:0;--awb-spacing-right-small:1.92%;--awb-spacing-left-small:1.92%;\"><div class=\"fusion-column-wrapper fusion-column-has-shadow fusion-flex-justify-content-flex-start fusion-content-layout-column\"><div class=\"fusion-image-element fusion-no-small-visibility fusion-no-medium-visibility\" style=\"text-align:left;--awb-margin-top:-80px;--awb-margin-right:0px;--awb-margin-bottom:-160px;--awb-margin-left:0px;--awb-max-width:300px;--awb-caption-title-font-family:var(--h2_typography-font-family);--awb-caption-title-font-weight:var(--h2_typography-font-weight);--awb-caption-title-font-style:var(--h2_typography-font-style);--awb-caption-title-size:var(--h2_typography-font-size);--awb-caption-title-transform:var(--h2_typography-text-transform);--awb-caption-title-line-height:var(--h2_typography-line-height);--awb-caption-title-letter-spacing:var(--h2_typography-letter-spacing);\"><span class=\" fusion-imageframe imageframe-none imageframe-1 hover-type-none\"><img decoding=\"async\" width=\"317\" height=\"276\" alt=\"Desc\u00e1rgate el plano del parque\" title=\"Parque de la Naturaleza de Cab\u00e1rceno\" src=\"https:\/\/parquedecabarceno.com\/wp-content\/uploads\/2022\/11\/garabato.webp\" class=\"img-responsive wp-image-21734\" srcset=\"https:\/\/parquedecabarceno.com\/wp-content\/uploads\/2022\/11\/garabato-200x174.webp 200w, https:\/\/parquedecabarceno.com\/wp-content\/uploads\/2022\/11\/garabato.webp 317w\" sizes=\"(max-width: 1100px) 100vw, (max-width: 640px) 100vw, 317px\" \/><\/span><\/div><div class=\"fusion-title title fusion-title-4 fusion-sep-none fusion-title-center fusion-title-text fusion-title-size-two\" style=\"--awb-text-color:#ffffff;--awb-margin-top-small:0px;--awb-margin-right-small:0px;--awb-margin-bottom-small:20px;--awb-margin-left-small:0px;--awb-font-size:5em;\"><h2 class=\"fusion-title-heading title-heading-center\" style=\"margin:0;font-size:1em;line-height:80%;\"><p>Desc\u00e1rgate<\/p>\n<p>el plano del parque<\/p><\/h2><\/div><div style=\"text-align:center;\"><a class=\"fusion-button button-flat button-xlarge button-custom fusion-button-default button-1 fusion-button-default-span fusion-button-default-type fusion-has-button-gradient\" style=\"--button_accent_color:#ffffff;--button_accent_hover_color:#ffffff;--button_border_hover_color:var(--awb-color6);--button_border_width-top:1px;--button_border_width-right:1px;--button_border_width-bottom:1px;--button_border_width-left:1px;--button-border-radius-top-left:5px;--button-border-radius-top-right:5px;--button-border-radius-bottom-right:5px;--button-border-radius-bottom-left:5px;--button_gradient_top_color:rgba(229,229,229,0);--button_gradient_bottom_color:rgba(0,0,0,0);--button_gradient_top_color_hover:var(--awb-color6);--button_gradient_bottom_color_hover:var(--awb-color6);\" target=\"_blank\" rel=\"noopener noreferrer\" href=\"\/wp-content\/uploads\/2024\/06\/Plano-Cabarceno-marzo-2026.pdf\"><i class=\"fa-file-download fas awb-button__icon awb-button__icon--default button-icon-left\" aria-hidden=\"true\"><\/i><span class=\"fusion-button-text awb-button__text awb-button__text--default\">DOWNLOAD PARK MAP<\/span><\/a><\/div><\/div><\/div><\/div><\/div>\n<\/p>\n","protected":false},"excerpt":{"rendered":"","protected":false},"author":2,"featured_media":23009,"parent":21776,"menu_order":0,"comment_status":"closed","ping_status":"closed","template":"100-width.php","meta":{"_acf_changed":false,"_monsterinsights_skip_tracking":false,"_monsterinsights_sitenote_active":false,"_monsterinsights_sitenote_note":"","_monsterinsights_sitenote_category":0,"footnotes":"","_links_to":"","_links_to_target":""},"class_list":["post-21877","page","type-page","status-publish","has-post-thumbnail","hentry"],"acf":[],"yoast_head":"<!-- This site is optimized with the Yoast SEO plugin v27.3 - https:\/\/yoast.com\/product\/yoast-seo-wordpress\/ -->\n<title>The Cab\u00e1rceno Gardens - Parque de la Naturaleza de Cab\u00e1rceno<\/title>\n<meta name=\"description\" content=\"The Cab\u00e1rceno Gardens are a natural area within the Park designed for you to relax, stroll, and &quot;get lost&quot; in nature.\" \/>\n<meta name=\"robots\" content=\"index, follow, max-snippet:-1, max-image-preview:large, max-video-preview:-1\" \/>\n<link rel=\"canonical\" href=\"https:\/\/parquedecabarceno.com\/english\/cabarceno-experiences\/the-cabarceno-gardens\/\" \/>\n<meta property=\"og:locale\" content=\"en_US\" \/>\n<meta property=\"og:type\" content=\"article\" \/>\n<meta property=\"og:title\" content=\"The Cab\u00e1rceno Gardens - Parque de la Naturaleza de Cab\u00e1rceno\" \/>\n<meta property=\"og:description\" content=\"The Cab\u00e1rceno Gardens are a natural area within the Park designed for you to relax, stroll, and &quot;get lost&quot; in nature.\" \/>\n<meta property=\"og:url\" content=\"https:\/\/parquedecabarceno.com\/english\/cabarceno-experiences\/the-cabarceno-gardens\/\" \/>\n<meta property=\"og:site_name\" content=\"Parque de la Naturaleza de Cab\u00e1rceno\" \/>\n<meta property=\"article:publisher\" content=\"https:\/\/www.facebook.com\/P.Cabarceno\/?locale=es_ES\" \/>\n<meta property=\"article:modified_time\" content=\"2025-08-06T11:22:22+00:00\" \/>\n<meta property=\"og:image\" content=\"https:\/\/parquedecabarceno.com\/wp-content\/uploads\/2023\/08\/jardineseningles.jpg\" \/>\n\t<meta property=\"og:image:width\" content=\"400\" \/>\n\t<meta property=\"og:image:height\" content=\"506\" \/>\n\t<meta property=\"og:image:type\" content=\"image\/jpeg\" \/>\n<meta name=\"twitter:card\" content=\"summary_large_image\" \/>\n<meta name=\"twitter:site\" content=\"@PCabarceno\" \/>\n<meta name=\"twitter:label1\" content=\"Est. reading time\" \/>\n\t<meta name=\"twitter:data1\" content=\"5 minutes\" \/>\n<script type=\"application\/ld+json\" class=\"yoast-schema-graph\">{\"@context\":\"https:\\\/\\\/schema.org\",\"@graph\":[{\"@type\":\"WebPage\",\"@id\":\"https:\\\/\\\/parquedecabarceno.com\\\/english\\\/cabarceno-experiences\\\/the-cabarceno-gardens\\\/\",\"url\":\"https:\\\/\\\/parquedecabarceno.com\\\/english\\\/cabarceno-experiences\\\/the-cabarceno-gardens\\\/\",\"name\":\"The Cab\u00e1rceno Gardens - Parque de la Naturaleza de Cab\u00e1rceno\",\"isPartOf\":{\"@id\":\"https:\\\/\\\/parquedecabarceno.com\\\/english\\\/#website\"},\"primaryImageOfPage\":{\"@id\":\"https:\\\/\\\/parquedecabarceno.com\\\/english\\\/cabarceno-experiences\\\/the-cabarceno-gardens\\\/#primaryimage\"},\"image\":{\"@id\":\"https:\\\/\\\/parquedecabarceno.com\\\/english\\\/cabarceno-experiences\\\/the-cabarceno-gardens\\\/#primaryimage\"},\"thumbnailUrl\":\"https:\\\/\\\/parquedecabarceno.com\\\/wp-content\\\/uploads\\\/2023\\\/08\\\/jardineseningles.jpg\",\"datePublished\":\"2023-08-17T11:45:30+00:00\",\"dateModified\":\"2025-08-06T11:22:22+00:00\",\"description\":\"The Cab\u00e1rceno Gardens are a natural area within the Park designed for you to relax, stroll, and \\\"get lost\\\" in nature.\",\"breadcrumb\":{\"@id\":\"https:\\\/\\\/parquedecabarceno.com\\\/english\\\/cabarceno-experiences\\\/the-cabarceno-gardens\\\/#breadcrumb\"},\"inLanguage\":\"en-UK\",\"potentialAction\":[{\"@type\":\"ReadAction\",\"target\":[\"https:\\\/\\\/parquedecabarceno.com\\\/english\\\/cabarceno-experiences\\\/the-cabarceno-gardens\\\/\"]}]},{\"@type\":\"ImageObject\",\"inLanguage\":\"en-UK\",\"@id\":\"https:\\\/\\\/parquedecabarceno.com\\\/english\\\/cabarceno-experiences\\\/the-cabarceno-gardens\\\/#primaryimage\",\"url\":\"https:\\\/\\\/parquedecabarceno.com\\\/wp-content\\\/uploads\\\/2023\\\/08\\\/jardineseningles.jpg\",\"contentUrl\":\"https:\\\/\\\/parquedecabarceno.com\\\/wp-content\\\/uploads\\\/2023\\\/08\\\/jardineseningles.jpg\",\"width\":400,\"height\":506},{\"@type\":\"BreadcrumbList\",\"@id\":\"https:\\\/\\\/parquedecabarceno.com\\\/english\\\/cabarceno-experiences\\\/the-cabarceno-gardens\\\/#breadcrumb\",\"itemListElement\":[{\"@type\":\"ListItem\",\"position\":1,\"name\":\"Portada\",\"item\":\"https:\\\/\\\/parquedecabarceno.com\\\/english\\\/\"},{\"@type\":\"ListItem\",\"position\":2,\"name\":\"Cab\u00e1rceno Experiences\",\"item\":\"https:\\\/\\\/parquedecabarceno.com\\\/english\\\/cabarceno-experiences\\\/\"},{\"@type\":\"ListItem\",\"position\":3,\"name\":\"The Cab\u00e1rceno Gardens\"}]},{\"@type\":\"WebSite\",\"@id\":\"https:\\\/\\\/parquedecabarceno.com\\\/english\\\/#website\",\"url\":\"https:\\\/\\\/parquedecabarceno.com\\\/english\\\/\",\"name\":\"Parque de la Naturaleza de Cab\u00e1rceno\",\"description\":\"Turismo de Cantabria\",\"publisher\":{\"@id\":\"https:\\\/\\\/parquedecabarceno.com\\\/english\\\/#organization\"},\"potentialAction\":[{\"@type\":\"SearchAction\",\"target\":{\"@type\":\"EntryPoint\",\"urlTemplate\":\"https:\\\/\\\/parquedecabarceno.com\\\/english\\\/?s={search_term_string}\"},\"query-input\":{\"@type\":\"PropertyValueSpecification\",\"valueRequired\":true,\"valueName\":\"search_term_string\"}}],\"inLanguage\":\"en-UK\"},{\"@type\":\"Organization\",\"@id\":\"https:\\\/\\\/parquedecabarceno.com\\\/english\\\/#organization\",\"name\":\"Parque de la Naturaleza de Cab\u00e1rceno\",\"url\":\"https:\\\/\\\/parquedecabarceno.com\\\/english\\\/\",\"logo\":{\"@type\":\"ImageObject\",\"inLanguage\":\"en-UK\",\"@id\":\"https:\\\/\\\/parquedecabarceno.com\\\/english\\\/#\\\/schema\\\/logo\\\/image\\\/\",\"url\":\"https:\\\/\\\/parquedecabarceno.com\\\/wp-content\\\/uploads\\\/2023\\\/04\\\/163x55-2.webp\",\"contentUrl\":\"https:\\\/\\\/parquedecabarceno.com\\\/wp-content\\\/uploads\\\/2023\\\/04\\\/163x55-2.webp\",\"width\":163,\"height\":55,\"caption\":\"Parque de la Naturaleza de Cab\u00e1rceno\"},\"image\":{\"@id\":\"https:\\\/\\\/parquedecabarceno.com\\\/english\\\/#\\\/schema\\\/logo\\\/image\\\/\"},\"sameAs\":[\"https:\\\/\\\/www.facebook.com\\\/P.Cabarceno\\\/?locale=es_ES\",\"https:\\\/\\\/x.com\\\/PCabarceno\",\"https:\\\/\\\/www.instagram.com\\\/cabarcenooficial\\\/?hl=es\",\"https:\\\/\\\/www.youtube.com\\\/@cantabriaturismo\"]}]}<\/script>\n<!-- \/ Yoast SEO plugin. -->","yoast_head_json":{"title":"The Cab\u00e1rceno Gardens - Parque de la Naturaleza de Cab\u00e1rceno","description":"The Cab\u00e1rceno Gardens are a natural area within the Park designed for you to relax, stroll, and \"get lost\" in nature.","robots":{"index":"index","follow":"follow","max-snippet":"max-snippet:-1","max-image-preview":"max-image-preview:large","max-video-preview":"max-video-preview:-1"},"canonical":"https:\/\/parquedecabarceno.com\/english\/cabarceno-experiences\/the-cabarceno-gardens\/","og_locale":"en_US","og_type":"article","og_title":"The Cab\u00e1rceno Gardens - Parque de la Naturaleza de Cab\u00e1rceno","og_description":"The Cab\u00e1rceno Gardens are a natural area within the Park designed for you to relax, stroll, and \"get lost\" in nature.","og_url":"https:\/\/parquedecabarceno.com\/english\/cabarceno-experiences\/the-cabarceno-gardens\/","og_site_name":"Parque de la Naturaleza de Cab\u00e1rceno","article_publisher":"https:\/\/www.facebook.com\/P.Cabarceno\/?locale=es_ES","article_modified_time":"2025-08-06T11:22:22+00:00","og_image":[{"width":400,"height":506,"url":"https:\/\/parquedecabarceno.com\/wp-content\/uploads\/2023\/08\/jardineseningles.jpg","type":"image\/jpeg"}],"twitter_card":"summary_large_image","twitter_site":"@PCabarceno","twitter_misc":{"Est. reading time":"5 minutes"},"schema":{"@context":"https:\/\/schema.org","@graph":[{"@type":"WebPage","@id":"https:\/\/parquedecabarceno.com\/english\/cabarceno-experiences\/the-cabarceno-gardens\/","url":"https:\/\/parquedecabarceno.com\/english\/cabarceno-experiences\/the-cabarceno-gardens\/","name":"The Cab\u00e1rceno Gardens - Parque de la Naturaleza de Cab\u00e1rceno","isPartOf":{"@id":"https:\/\/parquedecabarceno.com\/english\/#website"},"primaryImageOfPage":{"@id":"https:\/\/parquedecabarceno.com\/english\/cabarceno-experiences\/the-cabarceno-gardens\/#primaryimage"},"image":{"@id":"https:\/\/parquedecabarceno.com\/english\/cabarceno-experiences\/the-cabarceno-gardens\/#primaryimage"},"thumbnailUrl":"https:\/\/parquedecabarceno.com\/wp-content\/uploads\/2023\/08\/jardineseningles.jpg","datePublished":"2023-08-17T11:45:30+00:00","dateModified":"2025-08-06T11:22:22+00:00","description":"The Cab\u00e1rceno Gardens are a natural area within the Park designed for you to relax, stroll, and \"get lost\" in nature.","breadcrumb":{"@id":"https:\/\/parquedecabarceno.com\/english\/cabarceno-experiences\/the-cabarceno-gardens\/#breadcrumb"},"inLanguage":"en-UK","potentialAction":[{"@type":"ReadAction","target":["https:\/\/parquedecabarceno.com\/english\/cabarceno-experiences\/the-cabarceno-gardens\/"]}]},{"@type":"ImageObject","inLanguage":"en-UK","@id":"https:\/\/parquedecabarceno.com\/english\/cabarceno-experiences\/the-cabarceno-gardens\/#primaryimage","url":"https:\/\/parquedecabarceno.com\/wp-content\/uploads\/2023\/08\/jardineseningles.jpg","contentUrl":"https:\/\/parquedecabarceno.com\/wp-content\/uploads\/2023\/08\/jardineseningles.jpg","width":400,"height":506},{"@type":"BreadcrumbList","@id":"https:\/\/parquedecabarceno.com\/english\/cabarceno-experiences\/the-cabarceno-gardens\/#breadcrumb","itemListElement":[{"@type":"ListItem","position":1,"name":"Portada","item":"https:\/\/parquedecabarceno.com\/english\/"},{"@type":"ListItem","position":2,"name":"Cab\u00e1rceno Experiences","item":"https:\/\/parquedecabarceno.com\/english\/cabarceno-experiences\/"},{"@type":"ListItem","position":3,"name":"The Cab\u00e1rceno Gardens"}]},{"@type":"WebSite","@id":"https:\/\/parquedecabarceno.com\/english\/#website","url":"https:\/\/parquedecabarceno.com\/english\/","name":"Parque de la Naturaleza de Cab\u00e1rceno","description":"Turismo de Cantabria","publisher":{"@id":"https:\/\/parquedecabarceno.com\/english\/#organization"},"potentialAction":[{"@type":"SearchAction","target":{"@type":"EntryPoint","urlTemplate":"https:\/\/parquedecabarceno.com\/english\/?s={search_term_string}"},"query-input":{"@type":"PropertyValueSpecification","valueRequired":true,"valueName":"search_term_string"}}],"inLanguage":"en-UK"},{"@type":"Organization","@id":"https:\/\/parquedecabarceno.com\/english\/#organization","name":"Parque de la Naturaleza de Cab\u00e1rceno","url":"https:\/\/parquedecabarceno.com\/english\/","logo":{"@type":"ImageObject","inLanguage":"en-UK","@id":"https:\/\/parquedecabarceno.com\/english\/#\/schema\/logo\/image\/","url":"https:\/\/parquedecabarceno.com\/wp-content\/uploads\/2023\/04\/163x55-2.webp","contentUrl":"https:\/\/parquedecabarceno.com\/wp-content\/uploads\/2023\/04\/163x55-2.webp","width":163,"height":55,"caption":"Parque de la Naturaleza de Cab\u00e1rceno"},"image":{"@id":"https:\/\/parquedecabarceno.com\/english\/#\/schema\/logo\/image\/"},"sameAs":["https:\/\/www.facebook.com\/P.Cabarceno\/?locale=es_ES","https:\/\/x.com\/PCabarceno","https:\/\/www.instagram.com\/cabarcenooficial\/?hl=es","https:\/\/www.youtube.com\/@cantabriaturismo"]}]}},"_links":{"self":[{"href":"https:\/\/parquedecabarceno.com\/english\/wp-json\/wp\/v2\/pages\/21877","targetHints":{"allow":["GET"]}}],"collection":[{"href":"https:\/\/parquedecabarceno.com\/english\/wp-json\/wp\/v2\/pages"}],"about":[{"href":"https:\/\/parquedecabarceno.com\/english\/wp-json\/wp\/v2\/types\/page"}],"author":[{"embeddable":true,"href":"https:\/\/parquedecabarceno.com\/english\/wp-json\/wp\/v2\/users\/2"}],"replies":[{"embeddable":true,"href":"https:\/\/parquedecabarceno.com\/english\/wp-json\/wp\/v2\/comments?post=21877"}],"version-history":[{"count":4,"href":"https:\/\/parquedecabarceno.com\/english\/wp-json\/wp\/v2\/pages\/21877\/revisions"}],"predecessor-version":[{"id":23013,"href":"https:\/\/parquedecabarceno.com\/english\/wp-json\/wp\/v2\/pages\/21877\/revisions\/23013"}],"up":[{"embeddable":true,"href":"https:\/\/parquedecabarceno.com\/english\/wp-json\/wp\/v2\/pages\/21776"}],"wp:featuredmedia":[{"embeddable":true,"href":"https:\/\/parquedecabarceno.com\/english\/wp-json\/wp\/v2\/media\/23009"}],"wp:attachment":[{"href":"https:\/\/parquedecabarceno.com\/english\/wp-json\/wp\/v2\/media?parent=21877"}],"curies":[{"name":"wp","href":"https:\/\/api.w.org\/{rel}","templated":true}]}}